{"id":12621,"date":"2024-02-27T16:33:46","date_gmt":"2024-02-27T15:33:46","guid":{"rendered":"https:\/\/fatbike-de.com\/?post_type=product&#038;p=12621"},"modified":"2024-02-27T16:33:53","modified_gmt":"2024-02-27T15:33:53","slug":"santa-cruz-stigmata-cc-grx","status":"publish","type":"product","link":"https:\/\/fatbike-de.com\/index.php\/product\/santa-cruz-stigmata-cc-grx\/","title":{"rendered":"Santa Cruz Stigmata CC GRX"},"content":{"rendered":"<div class=\"product--headername\">\n<h2 class=\"product--title\"><strong><span style=\"vertical-align: inherit\"><span style=\"vertical-align: inherit\">Santa Cruz<\/span><\/span><\/strong><span style=\"vertical-align: inherit\"><span style=\"vertical-align: inherit\"> \u00a0Stigmates CC GRX<\/span><\/span><\/h2>\n<p class=\"product--description\"><span style=\"vertical-align: inherit\"><span style=\"vertical-align: inherit\">Qu&#8217;il s&#8217;agisse de tout-terrain ou de route, de cyclocross ou de gravel, le Stigmata de Santa Cruz Stigmata CC brouille les fronti\u00e8res et garantit un plaisir de conduite maximal \u00e0 chaque aventure. <\/span><span style=\"vertical-align: inherit\">La position assise sportive et compacte, associ\u00e9e au cadre en carbone haut de gamme et au groupe GRX de Shimano, vous assure une grande propulsion pour que vous puissiez profiter pleinement de votre prochaine sortie !<\/span><\/span><\/p>\n<hr \/>\n<h3><span style=\"vertical-align: inherit\"><span style=\"vertical-align: inherit\">Le Santa Cruz Stigmata CC GRX en d\u00e9tail<\/span><\/span><\/h3>\n<p><span style=\"vertical-align: inherit\"><span style=\"vertical-align: inherit\">De nos jours, des caract\u00e9ristiques telles que les conduites de frein internes, le d\u00e9gagement g\u00e9n\u00e9reux des pneus et les axes traversants qui ont rendu le Stigmata c\u00e9l\u00e8bre sont presque devenues la norme. <\/span><span style=\"vertical-align: inherit\">Santa Cruz fait donc peau neuve et offre au conducteur d&#8217;aujourd&#8217;hui les standards de demain. <\/span><span style=\"vertical-align: inherit\">Le bo\u00eetier de p\u00e9dalier boulonn\u00e9 reste un favori de tous les temps gr\u00e2ce \u00e0 sa conception \u00e9prouv\u00e9e, robuste et compatible qui ne se casse tout simplement jamais.<\/span><\/span><\/p>\n<p><span style=\"vertical-align: inherit\"><span style=\"vertical-align: inherit\">La possibilit\u00e9 de monter des garde-boue souligne la gamme d&#8217;applications toujours croissante du Stigmata. <\/span><span style=\"vertical-align: inherit\">Il existe \u00e9galement le troisi\u00e8me porte-bidon, gr\u00e2ce auquel vous pouvez toujours emporter avec vous au moins une bouteille normale lorsque vous faites du bikepacking, m\u00eame avec une grande sacoche de cadre. <\/span><span style=\"vertical-align: inherit\">Vous recherchez plus d&#8217;aventure et avez besoin de pneus plus larges ? <\/span><span style=\"vertical-align: inherit\">Le cadre peut d\u00e9sormais accueillir des pneus 700c de 45 mm ou des pneus 650b de 2,1&#8243;. Concernant les capacit\u00e9s tout-terrain, le Stigmata a effectu\u00e9 quelques s\u00e9ances d&#8217;entra\u00eenement avec le highball semi-rigide et a beaucoup appris sur la rigidit\u00e9, la maniabilit\u00e9 et les sensations tout-terrain. La couche de carbone a \u00e9t\u00e9 cr\u00e9\u00e9 non seulement avec l&#8217;exp\u00e9rience des ing\u00e9nieurs de Santa Cruz de Highball, mais aussi avec le v\u00e9lo de trial en carbone de Danny MacAskill. Il offre beaucoup de propulsion et de rigidit\u00e9 exactement l\u00e0 o\u00f9 cela est n\u00e9cessaire, mais d&#8217;un autre c\u00f4t\u00e9 il offre \u00e9galement un flex confortable.<\/span><\/span><\/p>\n<p><span style=\"vertical-align: inherit\"><span style=\"vertical-align: inherit\">Bien entendu, la g\u00e9om\u00e9trie joue \u00e9galement un r\u00f4le important sur les v\u00e9los de gravel. <\/span><span style=\"vertical-align: inherit\">Santa Cruz a proc\u00e9d\u00e9 \u00e0 des optimisations, principalement pour am\u00e9liorer la maniabilit\u00e9 pour les petits conducteurs. <\/span><span style=\"vertical-align: inherit\">En redessinant le cadre 52\/54 cm, le Stigmata s&#8217;adapte d\u00e9sormais confortablement aux cyclistes mesurant plus de 160 cm. <\/span><span style=\"vertical-align: inherit\">L&#8217;utilisation de diff\u00e9rents d\u00e9ports de fourche &#8211; 50 mm pour les tailles 52-54 cm et 45 mm pour les tailles 56-61 cm &#8211; garantit que vos orteils n&#8217;entrent pas en contact avec la roue avant. <\/span><span style=\"vertical-align: inherit\">Le Stigmata est compl\u00e9t\u00e9 par des d\u00e9tails \u00e9l\u00e9gants tels qu&#8217;un axe traversant de 12 mm sur la roue avant et un support de frein Flatmount &#8211; le v\u00e9lo vous donne donc la libert\u00e9 absolue de le conduire o\u00f9 vous voulez.<\/span><\/span><\/p>\n<hr \/>\n<h3><span style=\"vertical-align: inherit\"><span style=\"vertical-align: inherit\">Garantie du cadre \u00e0 vie<\/span><\/span><\/h3>\n<p><span style=\"vertical-align: inherit\"><span style=\"vertical-align: inherit\">Santa Cruz Bicycles r\u00e9parera ou remplacera, \u00e0 sa discr\u00e9tion, tout cadre fabriqu\u00e9 par Santa Cruz Bicycles qui s&#8217;av\u00e8re d\u00e9fectueux en termes de mat\u00e9riaux ou de fabrication. <\/span><span style=\"vertical-align: inherit\">La garantie est valable pour la dur\u00e9e de vie du cadre et n&#8217;est disponible que pour le propri\u00e9taire d&#8217;origine. <\/span><span style=\"vertical-align: inherit\">Nonobstant ce qui pr\u00e9c\u00e8de, les cadres achet\u00e9s avant le 1er mai 2015 sont couverts par la garantie pr\u00e9existante pendant cinq ans \u00e0 compter de la date d&#8217;achat originale. <\/span><span style=\"vertical-align: inherit\">Dans le cas d&#8217;une situation o\u00f9 la garantie ne s&#8217;applique pas, Santa Cruz Bicycles proposera des pi\u00e8ces de rechange au propri\u00e9taire d&#8217;origine \u00e0 un prix r\u00e9duit pour la p\u00e9riode de garantie d\u00e9crite ci-dessus.*<\/span><\/span><\/p>\n<hr \/>\n<h3><span style=\"vertical-align: inherit\"><span style=\"vertical-align: inherit\">technologie<\/span><\/span><\/h3>\n<p><strong><span style=\"vertical-align: inherit\"><span style=\"vertical-align: inherit\">Le cadre en carbone Santa Cruz<\/span><\/span><\/strong><br \/> <span style=\"vertical-align: inherit\"><span style=\"vertical-align: inherit\"> Santa Cruz n&#8217;utilise pas seulement du carbone sur ses v\u00e9los de montagne parce qu&#8217;il a l&#8217;air cool et parce que tout le monde le fait. <\/span><span style=\"vertical-align: inherit\">Ils sont des pionniers dans l&#8217;utilisation de mat\u00e9riaux et de m\u00e9thodes de production avanc\u00e9s pour construire les v\u00e9los les plus solides et les plus puissants possibles. <\/span><span style=\"vertical-align: inherit\">Gr\u00e2ce \u00e0 ses nombreuses ann\u00e9es d&#8217;exp\u00e9rience dans le domaine du carbone, Santa Cruz peut garantir un r\u00e9el plaisir de conduite et une confiance totale dans les produits.<\/span><\/span><\/p>\n<p><span style=\"vertical-align: inherit\"><span style=\"vertical-align: inherit\">La technologie carbone est d\u00e9velopp\u00e9e directement \u00e0 Santa Cruz, en Californie. <\/span><span style=\"vertical-align: inherit\">Les ing\u00e9nieurs de Santa Cruz recherchent et testent de nouveaux proc\u00e9d\u00e9s et techniques de fabrication dans leur propre laboratoire de carbone. <\/span><span style=\"vertical-align: inherit\">De plus, la composition du carbone d&#8217;une pi\u00e8ce peut \u00eatre d\u00e9velopp\u00e9e en interne pour la construction de prototypes afin que chaque cadre de s\u00e9rie b\u00e9n\u00e9ficie des r\u00e9sultats obtenus. <\/span><span style=\"vertical-align: inherit\">Cela rend les v\u00e9los de la s\u00e9rie Santa Cruz extr\u00eamement robustes. <\/span><span style=\"vertical-align: inherit\">Et gr\u00e2ce au d\u00e9veloppement constant des connaissances sur les avantages des nouveaux mat\u00e9riaux et des technologies raffin\u00e9es, les v\u00e9los \u00e9voluent constamment.<\/span><\/span><\/p>\n<p><span style=\"vertical-align: inherit\"><span style=\"vertical-align: inherit\">Les cadres en carbone sont produits dans l&#8217;usine exclusive de Santa Cruz. <\/span><span style=\"vertical-align: inherit\">Ils ont eux-m\u00eames fond\u00e9 ce site de production pour pouvoir contr\u00f4ler que les conceptions sont correctement mises en \u0153uvre, garantir une assurance qualit\u00e9 optimale et garantir que les technologies et les connaissances ne s&#8217;\u00e9chappent pas de l&#8217;entreprise. <\/span><span style=\"vertical-align: inherit\">Si quelque chose doit \u00eatre am\u00e9lior\u00e9, Santa Cruz a la capacit\u00e9 de r\u00e9agir en temps opportun et d&#8217;optimiser le processus de production avant que le produit fini ne vous parvienne.<\/span><\/span><\/p>\n<h2><span style=\"vertical-align: inherit\"><span style=\"vertical-align: inherit\">Ameublement<\/span><\/span><\/h2>\n<div class=\"product--properties panel has--border\">\n<table class=\"product--properties-table\">\n<tbody>\n<tr class=\"product--properties-row row1\">\n<td class=\"product--properties-label is--bold\"><span style=\"vertical-align: inherit\"><span style=\"vertical-align: inherit\">Cadre:<\/span><\/span><\/td>\n<td class=\"product--properties-value\"><span style=\"vertical-align: inherit\"><span style=\"vertical-align: inherit\">Cyclocross Carbone CC<\/span><\/span><\/td>\n<\/tr>\n<tr class=\"product--properties-row row2\">\n<td class=\"product--properties-label is--bold\"><span style=\"vertical-align: inherit\"><span style=\"vertical-align: inherit\">Mat\u00e9riau du cadre :<\/span><\/span><\/td>\n<td class=\"product--properties-value\"><span style=\"vertical-align: inherit\"><span style=\"vertical-align: inherit\">Carbone<\/span><\/span><\/td>\n<\/tr>\n<tr class=\"product--properties-row row3\">\n<td class=\"product--properties-label is--bold\"><span style=\"vertical-align: inherit\"><span style=\"vertical-align: inherit\">Taille des roues\u00a0:<\/span><\/span><\/td>\n<td class=\"product--properties-value\"><span style=\"vertical-align: inherit\"><span style=\"vertical-align: inherit\">28&#8243;<\/span><\/span><\/td>\n<\/tr>\n<tr class=\"product--properties-row row4\">\n<td class=\"product--properties-label is--bold\"><span style=\"vertical-align: inherit\"><span style=\"vertical-align: inherit\">Couleur:<\/span><\/span><\/td>\n<td class=\"product--properties-value\"><span style=\"vertical-align: inherit\"><span style=\"vertical-align: inherit\">Couvain brillant<\/span><\/span><\/td>\n<\/tr>\n<tr class=\"product--properties-row row5\">\n<td class=\"product--properties-label is--bold\"><span style=\"vertical-align: inherit\"><span style=\"vertical-align: inherit\">Freins\u00a0:<\/span><\/span><\/td>\n<td class=\"product--properties-value\"><span style=\"vertical-align: inherit\"><span style=\"vertical-align: inherit\">Shimano GRX 810<\/span><\/span><\/td>\n<\/tr>\n<tr class=\"product--properties-row row6\">\n<td class=\"product--properties-label is--bold\"><span style=\"vertical-align: inherit\"><span style=\"vertical-align: inherit\">Disques de frein:<\/span><\/span><\/td>\n<td class=\"product--properties-value\"><span style=\"vertical-align: inherit\"><span style=\"vertical-align: inherit\">Shimano RT80 Ice Tech Centerlock, 160 mm<\/span><\/span><\/td>\n<\/tr>\n<tr class=\"product--properties-row row7\">\n<td class=\"product--properties-label is--bold\"><span style=\"vertical-align: inherit\"><span style=\"vertical-align: inherit\">Taux d&#8217;imposition:<\/span><\/span><\/td>\n<td class=\"product--properties-value\"><span style=\"vertical-align: inherit\"><span style=\"vertical-align: inherit\">Casque int\u00e9gr\u00e9 Cane Creek 40 IS<\/span><\/span><\/td>\n<\/tr>\n<tr class=\"product--properties-row row8\">\n<td class=\"product--properties-label is--bold\"><span style=\"vertical-align: inherit\"><span style=\"vertical-align: inherit\">Tige:<\/span><\/span><\/td>\n<td class=\"product--properties-value\"><span style=\"vertical-align: inherit\"><span style=\"vertical-align: inherit\">EastonEA90<\/span><\/span><\/td>\n<\/tr>\n<tr class=\"product--properties-row row9\">\n<td class=\"product--properties-label is--bold\"><span style=\"vertical-align: inherit\"><span style=\"vertical-align: inherit\">Guidon:<\/span><\/span><\/td>\n<td class=\"product--properties-value\"><span style=\"vertical-align: inherit\"><span style=\"vertical-align: inherit\">EastonEA70AX<\/span><\/span><\/td>\n<\/tr>\n<tr class=\"product--properties-row row10\">\n<td class=\"product--properties-label is--bold\"><span style=\"vertical-align: inherit\"><span style=\"vertical-align: inherit\">Poign\u00e9es\u00a0:<\/span><\/span><\/td>\n<td class=\"product--properties-value\"><span style=\"vertical-align: inherit\"><span style=\"vertical-align: inherit\">Guidoline Velo<\/span><\/span><\/td>\n<\/tr>\n<tr class=\"product--properties-row row11\">\n<td class=\"product--properties-label is--bold\"><span style=\"vertical-align: inherit\"><span style=\"vertical-align: inherit\">Selle:<\/span><\/span><\/td>\n<td class=\"product--properties-value\"><span style=\"vertical-align: inherit\"><span style=\"vertical-align: inherit\">Selle WTB Silverado Team ou WTB Volt<\/span><\/span><\/td>\n<\/tr>\n<tr class=\"product--properties-row row12\">\n<td class=\"product--properties-label is--bold\"><span style=\"vertical-align: inherit\"><span style=\"vertical-align: inherit\">Tige de selle :<\/span><\/span><\/td>\n<td class=\"product--properties-value\"><span style=\"vertical-align: inherit\"><span style=\"vertical-align: inherit\">Easton EC70, d\u00e9calage z\u00e9ro<\/span><\/span><\/td>\n<\/tr>\n<tr class=\"product--properties-row row13\">\n<td class=\"product--properties-label is--bold\"><span style=\"vertical-align: inherit\"><span style=\"vertical-align: inherit\">Manivelle:<\/span><\/span><\/td>\n<td class=\"product--properties-value\"><span style=\"vertical-align: inherit\"><span style=\"vertical-align: inherit\">Shimano GRX 11 vitesses, 48\/31 dents<\/span><\/span><\/td>\n<\/tr>\n<tr class=\"product--properties-row row14\">\n<td class=\"product--properties-label is--bold\"><span style=\"vertical-align: inherit\"><span style=\"vertical-align: inherit\">Support inf\u00e9rieur\/support inf\u00e9rieur\u00a0:<\/span><\/span><\/td>\n<td class=\"product--properties-value\"><span style=\"vertical-align: inherit\"><span style=\"vertical-align: inherit\">Shimano Ultegra BB<\/span><\/span><\/td>\n<\/tr>\n<tr class=\"product--properties-row row15\">\n<td class=\"product--properties-label is--bold\"><span style=\"vertical-align: inherit\"><span style=\"vertical-align: inherit\">Derailleur arriere:<\/span><\/span><\/td>\n<td class=\"product--properties-value\"><span style=\"vertical-align: inherit\"><span style=\"vertical-align: inherit\">Shimano GRX, 11 vitesses<\/span><\/span><\/td>\n<\/tr>\n<\/tbody>\n<\/table>\n<table class=\"product--properties-table\">\n<tbody>\n<tr class=\"product--properties-row row16\">\n<td class=\"product--properties-label is--bold\"><span style=\"vertical-align: inherit\"><span style=\"vertical-align: inherit\">Levier de vitesses\u00a0:<\/span><\/span><\/td>\n<td class=\"product--properties-value\"><span style=\"vertical-align: inherit\"><span style=\"vertical-align: inherit\">Shimano GRX 810<\/span><\/span><\/td>\n<\/tr>\n<tr class=\"product--properties-row row17\">\n<td class=\"product--properties-label is--bold\"><span style=\"vertical-align: inherit\"><span style=\"vertical-align: inherit\">D\u00e9railleur avant :<\/span><\/span><\/td>\n<td class=\"product--properties-value\"><span style=\"vertical-align: inherit\"><span style=\"vertical-align: inherit\">Shimano GRX \u00e0 braser, 11 vitesses<\/span><\/span><\/td>\n<\/tr>\n<tr class=\"product--properties-row row18\">\n<td class=\"product--properties-label is--bold\"><span style=\"vertical-align: inherit\"><span style=\"vertical-align: inherit\">Cassette:<\/span><\/span><\/td>\n<td class=\"product--properties-value\"><span style=\"vertical-align: inherit\"><span style=\"vertical-align: inherit\">Shimano Ultegra 6800, 11-34 dents<\/span><\/span><\/td>\n<\/tr>\n<tr class=\"product--properties-row row19\">\n<td class=\"product--properties-label is--bold\"><span style=\"vertical-align: inherit\"><span style=\"vertical-align: inherit\">Cha\u00eene:<\/span><\/span><\/td>\n<td class=\"product--properties-value\"><span style=\"vertical-align: inherit\"><span style=\"vertical-align: inherit\">Shimano SLX M7000, 11 vitesses<\/span><\/span><\/td>\n<\/tr>\n<tr class=\"product--properties-row row20\">\n<td class=\"product--properties-label is--bold\"><span style=\"vertical-align: inherit\"><span style=\"vertical-align: inherit\">Pneus\u00a0:<\/span><\/span><\/td>\n<td class=\"product--properties-value\"><span style=\"vertical-align: inherit\"><span style=\"vertical-align: inherit\">Maxxis Rambler, 700x40c<\/span><\/span><\/td>\n<\/tr>\n<tr class=\"product--properties-row row21\">\n<td class=\"product--properties-label is--bold\"><span style=\"vertical-align: inherit\"><span style=\"vertical-align: inherit\">Moyeu de roue avant :<\/span><\/span><\/td>\n<td class=\"product--properties-value\"><span style=\"vertical-align: inherit\"><span style=\"vertical-align: inherit\">DT Swiss 350, 12&#215;100, verrouillage central, 28h<\/span><\/span><\/td>\n<\/tr>\n<tr class=\"product--properties-row row22\">\n<td class=\"product--properties-label is--bold\"><span style=\"vertical-align: inherit\"><span style=\"vertical-align: inherit\">Moyeu de roue arri\u00e8re :<\/span><\/span><\/td>\n<td class=\"product--properties-value\"><span style=\"vertical-align: inherit\"><span style=\"vertical-align: inherit\">DT Swiss 350, 12&#215;142, 11 vitesses, verrouillage central, 28h<\/span><\/span><\/td>\n<\/tr>\n<tr class=\"product--properties-row row23\">\n<td class=\"product--properties-label is--bold\"><span style=\"vertical-align: inherit\"><span style=\"vertical-align: inherit\">Rayons\u00a0:<\/span><\/span><\/td>\n<td class=\"product--properties-value\"><span style=\"vertical-align: inherit\"><span style=\"vertical-align: inherit\">Course Sapim<\/span><\/span><\/td>\n<\/tr>\n<tr class=\"product--properties-row row24\">\n<td class=\"product--properties-label is--bold\"><span style=\"vertical-align: inherit\"><span style=\"vertical-align: inherit\">Jantes :<\/span><\/span><\/td>\n<td class=\"product--properties-value\"><span style=\"vertical-align: inherit\"><span style=\"vertical-align: inherit\">DT Swiss XR 361 Asym\u00e9trique 29&#8243;<\/span><\/span><\/td>\n<\/tr>\n<tr class=\"product--properties-row row25\">\n<td class=\"product--properties-label is--bold\"><span style=\"vertical-align: inherit\"><span style=\"vertical-align: inherit\">P\u00e9dales\u00a0:<\/span><\/span><\/td>\n<td class=\"product--properties-value\"><span style=\"vertical-align: inherit\"><span style=\"vertical-align: inherit\">non inclus dans la livraison<\/span><\/span><\/td>\n<\/tr>\n<tr class=\"product--properties-row row26\">\n<td class=\"product--properties-label is--bold\"><span style=\"vertical-align: inherit\"><span style=\"vertical-align: inherit\">Divers:<\/span><\/span><\/td>\n<td class=\"product--properties-value\"><span style=\"vertical-align: inherit\"><span style=\"vertical-align: inherit\">Scellant Stan&#8217;s 2oz<\/span><\/span><\/td>\n<\/tr>\n<tr class=\"product--properties-row row27\">\n<td class=\"product--properties-label is--bold\"><span style=\"vertical-align: inherit\"><span style=\"vertical-align: inherit\">Poids maximum autoris\u00e9 :<\/span><\/span><\/td>\n<td class=\"product--properties-value\"><span style=\"vertical-align: inherit\"><span style=\"vertical-align: inherit\">125 kg (poids corporel + v\u00e9lo + \u00e9quipement)<\/span><\/span><\/td>\n<\/tr>\n<tr class=\"product--properties-row row28\">\n<td class=\"product--properties-label is--bold\"><span style=\"vertical-align: inherit\"><span style=\"vertical-align: inherit\">Poids du v\u00e9lo complet :<\/span><\/span><\/td>\n<td class=\"product--properties-value\"><span style=\"vertical-align: inherit\"><span style=\"vertical-align: inherit\">8,47 kg<\/span><\/span><\/td>\n<\/tr>\n<\/tbody>\n<\/table><\/div>\n<hr \/>\n<p>&nbsp;<\/p>\n<div class=\"product--rating-container\"><\/div>\n<\/p><\/div>\n<div class=\"image-slider--container no--thumbnails\"><\/div>\n","protected":false},"excerpt":{"rendered":"<div class=\"tab-menu--product js--tab-menu\">\n<div class=\"tab--container-list\">\n<div class=\"tab--container description has--content is--active\">\n<div class=\"tab--content box-description\">\n<div class=\"content--description\">\n<div class=\"ean-box\"><label><span style=\"vertical-align: inherit\"><span style=\"vertical-align: inherit\">Ann\u00e9e mod\u00e8le : <\/span><\/span><span style=\"font-size: 16px\"><span style=\"vertical-align: inherit\"><span style=\"vertical-align: inherit\">2022<\/span><\/span><\/span><\/label><\/div>\n<\/p><\/div>\n<\/p><\/div>\n<\/p><\/div>\n<\/p><\/div>\n<\/p><\/div>\n<p><a class=\"rating-link-info--box\" name=\"product--publish-comment\"><\/a><\/p>\n<div id=\"detail--product-reviews\" class=\"content--product-reviews 123\"><\/div>\n","protected":false},"featured_media":12631,"comment_status":"closed","ping_status":"closed","template":"","meta":[],"product_brand":[],"product_cat":[95,129],"product_tag":[],"class_list":{"0":"post-12621","1":"product","2":"type-product","3":"status-publish","4":"has-post-thumbnail","6":"product_cat-fahrrad","7":"product_cat-gravel-bikes","9":"first","10":"instock","11":"shipping-taxable","12":"purchasable","13":"product-type-variable"},"_links":{"self":[{"href":"https:\/\/fatbike-de.com\/index.php\/wp-json\/wp\/v2\/product\/12621","targetHints":{"allow":["GET"]}}],"collection":[{"href":"https:\/\/fatbike-de.com\/index.php\/wp-json\/wp\/v2\/product"}],"about":[{"href":"https:\/\/fatbike-de.com\/index.php\/wp-json\/wp\/v2\/types\/product"}],"replies":[{"embeddable":true,"href":"https:\/\/fatbike-de.com\/index.php\/wp-json\/wp\/v2\/comments?post=12621"}],"wp:featuredmedia":[{"embeddable":true,"href":"https:\/\/fatbike-de.com\/index.php\/wp-json\/wp\/v2\/media\/12631"}],"wp:attachment":[{"href":"https:\/\/fatbike-de.com\/index.php\/wp-json\/wp\/v2\/media?parent=12621"}],"wp:term":[{"taxonomy":"product_brand","embeddable":true,"href":"https:\/\/fatbike-de.com\/index.php\/wp-json\/wp\/v2\/product_brand?post=12621"},{"taxonomy":"product_cat","embeddable":true,"href":"https:\/\/fatbike-de.com\/index.php\/wp-json\/wp\/v2\/product_cat?post=12621"},{"taxonomy":"product_tag","embeddable":true,"href":"https:\/\/fatbike-de.com\/index.php\/wp-json\/wp\/v2\/product_tag?post=12621"}],"curies":[{"name":"wp","href":"https:\/\/api.w.org\/{rel}","templated":true}]}}